{"id":1984,"date":"2020-01-07T13:27:22","date_gmt":"2020-01-07T12:27:22","guid":{"rendered":"http:\/\/senat-grossegladbacher.de\/?page_id=1984"},"modified":"2020-01-07T13:40:12","modified_gmt":"2020-01-07T12:40:12","slug":"1-charity-golfevent","status":"publish","type":"page","link":"https:\/\/senat-grossegladbacher.de\/?page_id=1984","title":{"rendered":"1. Charity Golfevent 2019"},"content":{"rendered":"\n<p><strong>Charity Golfevent des Senats<\/strong><\/p>\n\n\n\n<p>Am Samstag den 7. September 2019 trafen sich die Senatorinnen, Senatoren sowie ein paar G\u00e4sten zum 1. Charity-Golfevent des Senats der Gro\u00dfen Gladbacher am Golfclub Bergerh\u00f6he in K\u00fcrten. Die Teilnehmer teilten sich nach der Begr\u00fc\u00dfung und der Einweisung durch den Vizepr\u00e4sidenten Rolf Sam und den Schriftf\u00fchrer und Organisator J\u00fcrgen Bittner in 2 Gruppen. <\/p>\n\n\n\n<figure class=\"wp-block-image size-large\"><img loading=\"lazy\" decoding=\"async\" width=\"1024\" height=\"768\" src=\"http:\/\/senat-grossegladbacher.de\/wp-content\/uploads\/2020\/01\/IMG_8692-1024x768.jpg\" alt=\"\" class=\"wp-image-1996\" srcset=\"https:\/\/senat-grossegladbacher.de\/wp-content\/uploads\/2020\/01\/IMG_8692-1024x768.jpg 1024w, https:\/\/senat-grossegladbacher.de\/wp-content\/uploads\/2020\/01\/IMG_8692-300x225.jpg 300w, https:\/\/senat-grossegladbacher.de\/wp-content\/uploads\/2020\/01\/IMG_8692-1536x1152.jpg 1536w, https:\/\/senat-grossegladbacher.de\/wp-content\/uploads\/2020\/01\/IMG_8692-2048x1536.jpg 2048w\" sizes=\"auto, (max-width: 1024px) 100vw, 1024px\" \/><\/figure>\n\n\n\n<figure class=\"wp-block-image size-large\"><img loading=\"lazy\" decoding=\"async\" width=\"1024\" height=\"768\" src=\"http:\/\/senat-grossegladbacher.de\/wp-content\/uploads\/2020\/01\/IMG_8700-1024x768.jpg\" alt=\"\" class=\"wp-image-1995\" srcset=\"https:\/\/senat-grossegladbacher.de\/wp-content\/uploads\/2020\/01\/IMG_8700-1024x768.jpg 1024w, https:\/\/senat-grossegladbacher.de\/wp-content\/uploads\/2020\/01\/IMG_8700-300x225.jpg 300w, https:\/\/senat-grossegladbacher.de\/wp-content\/uploads\/2020\/01\/IMG_8700-1536x1152.jpg 1536w, https:\/\/senat-grossegladbacher.de\/wp-content\/uploads\/2020\/01\/IMG_8700-2048x1536.jpg 2048w\" sizes=\"auto, (max-width: 1024px) 100vw, 1024px\" \/><\/figure>\n\n\n\n<p>Die erste Gruppe der Schnuppergolfer folgte dem Trainer Malte Janssen auf die Driving Range und das Putting Green, wo sie geschickt die ersten Eindr\u00fccke und Golfschl\u00e4ge erlernten und anwenden konnten. Zum Abschluss der Einf\u00fchrung wurde unter den Schnupperen in kleinen Wettbewerben das erlernte praktisch umgesetzt. <\/p>\n\n\n\n<figure class=\"wp-block-image size-large\"><img loading=\"lazy\" decoding=\"async\" width=\"1024\" height=\"768\" src=\"http:\/\/senat-grossegladbacher.de\/wp-content\/uploads\/2020\/01\/IMG_1405-1024x768.jpg\" alt=\"\" class=\"wp-image-1990\" srcset=\"https:\/\/senat-grossegladbacher.de\/wp-content\/uploads\/2020\/01\/IMG_1405-1024x768.jpg 1024w, https:\/\/senat-grossegladbacher.de\/wp-content\/uploads\/2020\/01\/IMG_1405-300x225.jpg 300w, https:\/\/senat-grossegladbacher.de\/wp-content\/uploads\/2020\/01\/IMG_1405-1536x1152.jpg 1536w, https:\/\/senat-grossegladbacher.de\/wp-content\/uploads\/2020\/01\/IMG_1405-2048x1536.jpg 2048w\" sizes=\"auto, (max-width: 1024px) 100vw, 1024px\" \/><\/figure>\n\n\n\n<p>Die zweite Gruppe der Golfer machte sich nach einer weiteren kurzen Erkl\u00e4rung auf die Runde des Kurzplatzes, um den Preis des Rot-Wei\u00df-Balles auszuspielen. Neben den Einzelwertungen pro Spieler wurde abwechselt pro Flight der Rot-Wei\u00df-Ball mit eigener Wertung gespielt. Ziel war es, den Sonderball auch ins Ziel zu bekommen.<\/p>\n\n\n\n<figure class=\"wp-block-image size-large\"><img loading=\"lazy\" decoding=\"async\" width=\"1024\" height=\"768\" src=\"http:\/\/senat-grossegladbacher.de\/wp-content\/uploads\/2020\/01\/IMG_8704-1024x768.jpg\" alt=\"\" class=\"wp-image-1994\" srcset=\"https:\/\/senat-grossegladbacher.de\/wp-content\/uploads\/2020\/01\/IMG_8704-1024x768.jpg 1024w, https:\/\/senat-grossegladbacher.de\/wp-content\/uploads\/2020\/01\/IMG_8704-300x225.jpg 300w, https:\/\/senat-grossegladbacher.de\/wp-content\/uploads\/2020\/01\/IMG_8704-1536x1152.jpg 1536w, https:\/\/senat-grossegladbacher.de\/wp-content\/uploads\/2020\/01\/IMG_8704-2048x1536.jpg 2048w\" sizes=\"auto, (max-width: 1024px) 100vw, 1024px\" \/><\/figure>\n\n\n\n<figure class=\"wp-block-image size-large\"><img loading=\"lazy\" decoding=\"async\" width=\"1024\" height=\"768\" src=\"http:\/\/senat-grossegladbacher.de\/wp-content\/uploads\/2020\/01\/IMG_8708-1024x768.jpg\" alt=\"\" class=\"wp-image-1993\" srcset=\"https:\/\/senat-grossegladbacher.de\/wp-content\/uploads\/2020\/01\/IMG_8708-1024x768.jpg 1024w, https:\/\/senat-grossegladbacher.de\/wp-content\/uploads\/2020\/01\/IMG_8708-300x225.jpg 300w, https:\/\/senat-grossegladbacher.de\/wp-content\/uploads\/2020\/01\/IMG_8708-1536x1152.jpg 1536w, https:\/\/senat-grossegladbacher.de\/wp-content\/uploads\/2020\/01\/IMG_8708-2048x1536.jpg 2048w\" sizes=\"auto, (max-width: 1024px) 100vw, 1024px\" \/><\/figure>\n\n\n\n<p><br>Trotz mittelm\u00e4\u00dfiger Wetterprognose kamen alle Golfer und Schnuppergolfer halbwegs trocken im Clubhaus an. Zu diesem Zeitpunkt traf auch die dritte Gruppe, die Essensg\u00e4ste, im Restaurant ein. Nach kurzer Auswertung der erspielten Ergebnisse erfolgte die Siegerehrung der Golfer und Schnuppergolfer mit tollen Preisen. Wir bedanken uns bei den Sponsoren \"Agentur Gro\u00dfbach &amp; Kollegen\" sowie dem \"Autohaus Radecki\" f\u00fcr die freundliche Unterst\u00fctzung.<br> Bei frisch Gegrilltem und Salaten sowie k\u00fchlen Getr\u00e4nken klang der Abend bei netten Gespr\u00e4chen und Fachsimpeleien aus.<\/p>\n\n\n\n<figure class=\"wp-block-image size-large\"><img loading=\"lazy\" decoding=\"async\" width=\"1024\" height=\"768\" src=\"http:\/\/senat-grossegladbacher.de\/wp-content\/uploads\/2020\/01\/IMG_1414-1024x768.jpg\" alt=\"\" class=\"wp-image-1992\" srcset=\"https:\/\/senat-grossegladbacher.de\/wp-content\/uploads\/2020\/01\/IMG_1414-1024x768.jpg 1024w, https:\/\/senat-grossegladbacher.de\/wp-content\/uploads\/2020\/01\/IMG_1414-300x225.jpg 300w, https:\/\/senat-grossegladbacher.de\/wp-content\/uploads\/2020\/01\/IMG_1414-1536x1152.jpg 1536w, https:\/\/senat-grossegladbacher.de\/wp-content\/uploads\/2020\/01\/IMG_1414-2048x1536.jpg 2048w\" sizes=\"auto, (max-width: 1024px) 100vw, 1024px\" \/><\/figure>\n\n\n\n<figure class=\"wp-block-image size-large\"><img loading=\"lazy\" decoding=\"async\" width=\"1024\" height=\"768\" src=\"http:\/\/senat-grossegladbacher.de\/wp-content\/uploads\/2020\/01\/IMG_1412-1024x768.jpg\" alt=\"\" class=\"wp-image-1991\" srcset=\"https:\/\/senat-grossegladbacher.de\/wp-content\/uploads\/2020\/01\/IMG_1412-1024x768.jpg 1024w, https:\/\/senat-grossegladbacher.de\/wp-content\/uploads\/2020\/01\/IMG_1412-300x225.jpg 300w, https:\/\/senat-grossegladbacher.de\/wp-content\/uploads\/2020\/01\/IMG_1412-1536x1152.jpg 1536w, https:\/\/senat-grossegladbacher.de\/wp-content\/uploads\/2020\/01\/IMG_1412-2048x1536.jpg 2048w\" sizes=\"auto, (max-width: 1024px) 100vw, 1024px\" \/><\/figure>\n\n\n\n<p> <br>Nach Abzug aller Kosten erzielten wir eine karnevalistische Spendensumme von 444,44 Euro, die an der Generalprobe der Strunde P\u00e4nz zu Gunsten der Selben \u00fcbergeben wurde.<br> <br>Die einhellige Zustimmung aller Teilnehmer motiviert uns das Event zu wiederholen. Das 2. Charityturnier (das n\u00e4chste Mal auf dem gro\u00dfen Platz) ist in Planung und findet am 01. August 2020 statt. Wir freuen uns schon jetzt auf zahlreiche und motivierte Teilnehmer.<\/p>\n","protected":false},"excerpt":{"rendered":"<p>Charity Golfevent des Senats Am Samstag den 7. September 2019 trafen sich die Senatorinnen, Senatoren sowie ein paar G\u00e4sten zum 1. Charity-Golfevent des Senats der Gro\u00dfen Gladbacher am Golfclub Bergerh\u00f6he in K\u00fcrten. Die Teilnehmer teilten sich nach der Begr\u00fc\u00dfung und <a class=\"more-link\" href=\"https:\/\/senat-grossegladbacher.de\/?page_id=1984\"><span class=\"screen-reader-text\">  1. Charity Golfevent 2019<\/span> weiterlesen<span class=\"meta-nav\">&rarr;<\/span><\/a><\/p>\n","protected":false},"author":2,"featured_media":0,"parent":0,"menu_order":0,"comment_status":"closed","ping_status":"closed","template":"","meta":{"footnotes":""},"class_list":["post-1984","page","type-page","status-publish","hentry"],"_links":{"self":[{"href":"https:\/\/senat-grossegladbacher.de\/index.php?rest_route=\/wp\/v2\/pages\/1984","targetHints":{"allow":["GET"]}}],"collection":[{"href":"https:\/\/senat-grossegladbacher.de\/index.php?rest_route=\/wp\/v2\/pages"}],"about":[{"href":"https:\/\/senat-grossegladbacher.de\/index.php?rest_route=\/wp\/v2\/types\/page"}],"author":[{"embeddable":true,"href":"https:\/\/senat-grossegladbacher.de\/index.php?rest_route=\/wp\/v2\/users\/2"}],"replies":[{"embeddable":true,"href":"https:\/\/senat-grossegladbacher.de\/index.php?rest_route=%2Fwp%2Fv2%2Fcomments&post=1984"}],"version-history":[{"count":3,"href":"https:\/\/senat-grossegladbacher.de\/index.php?rest_route=\/wp\/v2\/pages\/1984\/revisions"}],"predecessor-version":[{"id":1999,"href":"https:\/\/senat-grossegladbacher.de\/index.php?rest_route=\/wp\/v2\/pages\/1984\/revisions\/1999"}],"wp:attachment":[{"href":"https:\/\/senat-grossegladbacher.de\/index.php?rest_route=%2Fwp%2Fv2%2Fmedia&parent=1984"}],"curies":[{"name":"wp","href":"https:\/\/api.w.org\/{rel}","templated":true}]}}